{"id":3613,"date":"2025-10-04T09:44:32","date_gmt":"2025-10-04T07:44:32","guid":{"rendered":"https:\/\/www.archipel-asbl.be\/?page_id=3613"},"modified":"2025-11-27T08:44:30","modified_gmt":"2025-11-27T07:44:30","slug":"archipelago-2","status":"publish","type":"page","link":"https:\/\/www.archipel-asbl.be\/index.php\/archipelago-2\/","title":{"rendered":"ArchipelAGO"},"content":{"rendered":"<div data-colibri-id=\"3613-c1\" class=\"style-1358 style-local-3613-c1 position-relative\">\n  <!---->\n  <div data-colibri-component=\"section\" data-colibri-id=\"3613-c2\" id=\"features\" class=\"h-section h-section-global-spacing d-flex align-items-lg-center align-items-md-center align-items-center style-1359 style-local-3613-c2 position-relative\">\n    <!---->\n    <!---->\n    <div class=\"h-section-grid-container h-section-boxed-container\">\n      <!---->\n      <div data-colibri-id=\"3613-c3\" class=\"h-row-container gutters-row-lg-2 gutters-row-md-2 gutters-row-0 gutters-row-v-lg-2 gutters-row-v-md-2 gutters-row-v-2 style-1360 style-local-3613-c3 position-relative\">\n        <!---->\n        <div class=\"h-row justify-content-lg-center justify-content-md-center justify-content-center align-items-lg-stretch align-items-md-stretch align-items-stretch gutters-col-lg-2 gutters-col-md-2 gutters-col-0 gutters-col-v-lg-2 gutters-col-v-md-2 gutters-col-v-2\">\n          <!---->\n          <div class=\"h-column h-column-container d-flex h-col-lg-auto h-col-md-auto h-col-auto style-1361-outer style-local-3613-c4-outer\">\n            <div data-colibri-id=\"3613-c4\" class=\"d-flex h-flex-basis h-column__inner h-px-lg-2 h-px-md-2 h-px-2 v-inner-lg-2 v-inner-md-2 v-inner-2 style-1361 style-local-3613-c4 position-relative\">\n              <!---->\n              <!---->\n              <div class=\"w-100 h-y-container h-column__content h-column__v-align flex-basis-100 align-self-lg-start align-self-md-start align-self-start\">\n                <!---->\n                <div data-colibri-id=\"3613-c5\" class=\"d-block style-1362 style-local-3613-c5 position-relative h-element\">\n                  <!---->\n                  <div class=\"h-image__frame-container-outer\">\n                    <div class=\"h-image__frame-container\">\n                      <!---->\n                      <!---->\n                      <img loading=\"lazy\" decoding=\"async\" width=\"1703\" height=\"437\" src=\"https:\/\/www.archipel-asbl.be\/wp-content\/uploads\/2022\/02\/cropped-cropped-cropped-dylan-gillis-KdeqA3aTnBY-unsplash-scaled-1.jpg\" class=\"wp-image-3635 style-1362-image style-local-3613-c5-image\" alt=\"\" srcset=\"https:\/\/www.archipel-asbl.be\/wp-content\/uploads\/2022\/02\/cropped-cropped-cropped-dylan-gillis-KdeqA3aTnBY-unsplash-scaled-1.jpg 1703w, https:\/\/www.archipel-asbl.be\/wp-content\/uploads\/2022\/02\/cropped-cropped-cropped-dylan-gillis-KdeqA3aTnBY-unsplash-scaled-1-300x77.jpg 300w, https:\/\/www.archipel-asbl.be\/wp-content\/uploads\/2022\/02\/cropped-cropped-cropped-dylan-gillis-KdeqA3aTnBY-unsplash-scaled-1-1024x263.jpg 1024w, https:\/\/www.archipel-asbl.be\/wp-content\/uploads\/2022\/02\/cropped-cropped-cropped-dylan-gillis-KdeqA3aTnBY-unsplash-scaled-1-768x197.jpg 768w, https:\/\/www.archipel-asbl.be\/wp-content\/uploads\/2022\/02\/cropped-cropped-cropped-dylan-gillis-KdeqA3aTnBY-unsplash-scaled-1-1536x394.jpg 1536w\" sizes=\"auto, (max-width: 1703px) 100vw, 1703px\" \/>\n                      <div class=\"h-image__frame h-hide-lg h-hide-md h-hide-sm style-1362-frameImage style-local-3613-c5-frameImage\"><\/div>\n                    <\/div>\n                  <\/div>\n                <\/div>\n              <\/div>\n            <\/div>\n          <\/div>\n        <\/div>\n      <\/div>\n      <div data-colibri-id=\"3613-c6\" class=\"h-row-container gutters-row-lg-2 gutters-row-md-2 gutters-row-0 gutters-row-v-lg-2 gutters-row-v-md-2 gutters-row-v-2 style-1363 style-local-3613-c6 position-relative\">\n        <div class=\"background-wrapper\">\n          <div class=\"background-layer background-layer-media-container-lg\">\n            <!---->\n            <div class=\"overlay-layer\">\n              <div class=\"overlay-image-layer\" style=\"background-color: rgb(132, 128, 169); opacity: 0.9;\"><\/div>\n            <\/div>\n          <\/div>\n          <div class=\"background-layer background-layer-media-container-md\">\n            <!---->\n            <div class=\"overlay-layer\">\n              <div class=\"overlay-image-layer\" style=\"background-color: rgb(132, 128, 169); opacity: 0.9;\"><\/div>\n            <\/div>\n          <\/div>\n          <div class=\"background-layer background-layer-media-container\">\n            <!---->\n            <div class=\"overlay-layer\">\n              <div class=\"overlay-image-layer\" style=\"background-color: rgb(132, 128, 169); opacity: 0.9;\"><\/div>\n            <\/div>\n          <\/div>\n        <\/div>\n        <div class=\"h-row justify-content-lg-center justify-content-md-center justify-content-center align-items-lg-stretch align-items-md-stretch align-items-stretch gutters-col-lg-2 gutters-col-md-2 gutters-col-0 gutters-col-v-lg-2 gutters-col-v-md-2 gutters-col-v-2\">\n          <!---->\n          <div class=\"h-column h-column-container d-flex h-col-lg-auto h-col-md-auto h-col-auto style-1364-outer style-local-3613-c7-outer\">\n            <div data-colibri-id=\"3613-c7\" class=\"d-flex h-flex-basis h-column__inner h-px-lg-0 h-px-md-0 h-px-0 v-inner-lg-0 v-inner-md-0 v-inner-0 style-1364 style-local-3613-c7 position-relative\">\n              <!---->\n              <!---->\n              <div class=\"w-100 h-y-container h-column__content h-column__v-align flex-basis-100 align-self-lg-start align-self-md-start align-self-start\">\n                <!---->\n                <div data-colibri-id=\"3613-c8\" class=\"h-text h-text-component style-1365 style-local-3613-c8 position-relative h-element\">\n                  <!---->\n                  <!---->\n                  <div class=\"\">\n                    <p><span style=\"color: rgb(0, 0, 0);\">Archipelago: D\u00e9velopper et innover la didactique professionnelle des formateurs en vue de soutenir une insertion socioprofessionnelle des personnes porteuses de handicap efficace et p\u00e9renne<\/span><\/p>\n                  <\/div>\n                <\/div>\n              <\/div>\n            <\/div>\n          <\/div>\n        <\/div>\n      <\/div>\n      <div data-colibri-id=\"3613-c9\" class=\"h-row-container gutters-row-lg-2 gutters-row-md-2 gutters-row-0 gutters-row-v-lg-2 gutters-row-v-md-2 gutters-row-v-2 style-1366 style-local-3613-c9 position-relative\">\n        <!---->\n        <div class=\"h-row justify-content-lg-center justify-content-md-center justify-content-center align-items-lg-stretch align-items-md-stretch align-items-stretch gutters-col-lg-2 gutters-col-md-2 gutters-col-0 gutters-col-v-lg-2 gutters-col-v-md-2 gutters-col-v-2\">\n          <!---->\n          <div class=\"h-column h-column-container d-flex h-col-lg-auto h-col-md-auto h-col-auto style-1367-outer style-local-3613-c10-outer\">\n            <div data-colibri-id=\"3613-c10\" class=\"d-flex h-flex-basis h-column__inner h-px-lg-2 h-px-md-2 h-px-2 v-inner-lg-2 v-inner-md-2 v-inner-2 style-1367 style-local-3613-c10 position-relative\">\n              <!---->\n              <!---->\n              <div class=\"w-100 h-y-container h-column__content h-column__v-align flex-basis-100 align-self-lg-start align-self-md-start align-self-start\">\n                <!---->\n                <div data-colibri-id=\"3613-c11\" class=\"h-text h-text-component style-1368 style-local-3613-c11 position-relative h-element\">\n                  <!---->\n                  <!---->\n                  <div class=\"\"><\/div>\n                <\/div>\n              <\/div>\n            <\/div>\n          <\/div>\n        <\/div>\n      <\/div>\n      <div data-colibri-id=\"3613-c12\" class=\"h-row-container gutters-row-lg-2 gutters-row-md-2 gutters-row-0 gutters-row-v-lg-2 gutters-row-v-md-2 gutters-row-v-2 style-1383 style-local-3613-c12 position-relative\">\n        <!---->\n        <div class=\"h-row justify-content-lg-center justify-content-md-center justify-content-center align-items-lg-stretch align-items-md-stretch align-items-stretch gutters-col-lg-2 gutters-col-md-2 gutters-col-0 gutters-col-v-lg-2 gutters-col-v-md-2 gutters-col-v-2\">\n          <!---->\n          <div class=\"h-column h-column-container d-flex h-col-lg-auto h-col-md-auto h-col-auto style-1384-outer style-local-3613-c13-outer\">\n            <div data-colibri-id=\"3613-c13\" class=\"d-flex h-flex-basis h-column__inner h-px-lg-2 h-px-md-2 h-px-2 v-inner-lg-2 v-inner-md-2 v-inner-2 style-1384 style-local-3613-c13 position-relative\">\n              <!---->\n              <!---->\n              <div class=\"w-100 h-y-container h-column__content h-column__v-align flex-basis-100 align-self-lg-start align-self-md-start align-self-start\">\n                <!---->\n                <div data-colibri-id=\"3613-c14\" class=\"h-text h-text-component style-1385 style-local-3613-c14 position-relative h-element\">\n                  <!---->\n                  <!---->\n                  <div class=\"\">\n                    <p>Face au constat de l\u2019\u00e9volution des besoins et des difficult\u00e9s rencontr\u00e9es par nos apprenants ces derni\u00e8res ann\u00e9es&nbsp;: augmentation des probl\u00e9matiques de sant\u00e9 mentale et physique, probl\u00e8mes sociaux multiples, politique d\u2019activation\n                      des malades de longue dur\u00e9e, crise sanitaire mondiale\u2026 Archipel d\u00e9sire apporter un accompagnement innovant. Pour cela, nous avons souhait\u00e9 nous inspirer des pratiques d\u2019associations confront\u00e9es aux m\u00eames difficult\u00e9s en Europe et\n                      proposant des accompagnements diff\u00e9rents des n\u00f4tres. C\u2019est dans cet esprit que le projet Erasmus+ ArchipelAGO a vu le jour.<\/p>\n                  <\/div>\n                <\/div>\n              <\/div>\n            <\/div>\n          <\/div>\n        <\/div>\n      <\/div>\n    <\/div>\n  <\/div>\n  <div data-colibri-component=\"section\" data-colibri-id=\"3613-c15\" id=\"cta\" class=\"h-section h-section-global-spacing d-flex align-items-lg-center align-items-md-center align-items-center style-1401 style-local-3613-c15 position-relative\">\n    <!---->\n    <!---->\n    <div class=\"h-section-grid-container h-section-boxed-container\">\n      <!---->\n      <div data-colibri-id=\"3613-c16\" class=\"h-row-container gutters-row-lg-2 gutters-row-md-2 gutters-row-0 gutters-row-v-lg-2 gutters-row-v-md-2 gutters-row-v-2 style-1405 style-local-3613-c16 position-relative\">\n        <!---->\n        <div class=\"h-row justify-content-lg-center justify-content-md-center justify-content-center align-items-lg-stretch align-items-md-stretch align-items-stretch gutters-col-lg-2 gutters-col-md-2 gutters-col-0 gutters-col-v-lg-2 gutters-col-v-md-2 gutters-col-v-2\">\n          <!---->\n          <div class=\"h-column h-column-container d-flex h-col-lg-auto h-col-md-auto h-col-auto style-1406-outer style-local-3613-c17-outer\">\n            <div data-colibri-id=\"3613-c17\" class=\"d-flex h-flex-basis h-column__inner h-px-lg-2 h-px-md-2 h-px-2 v-inner-lg-2 v-inner-md-2 v-inner-2 style-1406 style-local-3613-c17 position-relative\">\n              <!---->\n              <!---->\n              <div class=\"w-100 h-y-container h-column__content h-column__v-align flex-basis-100 align-self-lg-start align-self-md-start align-self-start\">\n                <!---->\n                <div data-colibri-id=\"3613-c18\" class=\"d-block style-1407 style-local-3613-c18 position-relative h-element\">\n                  <!---->\n                  <div class=\"h-image__frame-container-outer\">\n                    <div class=\"h-image__frame-container\">\n                      <!---->\n                      <!---->\n                      <img loading=\"lazy\" decoding=\"async\" width=\"1769\" height=\"1391\" src=\"https:\/\/www.archipel-asbl.be\/wp-content\/uploads\/2025\/10\/ArchipelAGO.png\" class=\"wp-image-3617 style-1407-image style-local-3613-c18-image\" alt=\"\" srcset=\"https:\/\/www.archipel-asbl.be\/wp-content\/uploads\/2025\/10\/ArchipelAGO.png 1769w, https:\/\/www.archipel-asbl.be\/wp-content\/uploads\/2025\/10\/ArchipelAGO-300x236.png 300w, https:\/\/www.archipel-asbl.be\/wp-content\/uploads\/2025\/10\/ArchipelAGO-1024x805.png 1024w, https:\/\/www.archipel-asbl.be\/wp-content\/uploads\/2025\/10\/ArchipelAGO-768x604.png 768w, https:\/\/www.archipel-asbl.be\/wp-content\/uploads\/2025\/10\/ArchipelAGO-1536x1208.png 1536w\" sizes=\"auto, (max-width: 1769px) 100vw, 1769px\" \/>\n                      <div class=\"h-image__frame h-hide-lg h-hide-md h-hide-sm style-1407-frameImage style-local-3613-c18-frameImage\"><\/div>\n                    <\/div>\n                  <\/div>\n                <\/div>\n              <\/div>\n            <\/div>\n          <\/div>\n        <\/div>\n      <\/div>\n      <div data-colibri-id=\"3613-c19\" class=\"h-row-container gutters-row-lg-2 gutters-row-md-2 gutters-row-0 gutters-row-v-lg-2 gutters-row-v-md-2 gutters-row-v-2 style-1418 style-local-3613-c19 position-relative\">\n        <!---->\n        <div class=\"h-row justify-content-lg-center justify-content-md-center justify-content-center align-items-lg-stretch align-items-md-stretch align-items-stretch gutters-col-lg-2 gutters-col-md-2 gutters-col-0 gutters-col-v-lg-2 gutters-col-v-md-2 gutters-col-v-2\">\n          <!---->\n          <div class=\"h-column h-column-container d-flex h-col-lg-auto h-col-md-auto h-col-auto style-1419-outer style-local-3613-c20-outer\">\n            <div data-colibri-id=\"3613-c20\" class=\"d-flex h-flex-basis h-column__inner h-px-lg-2 h-px-md-2 h-px-2 v-inner-lg-2 v-inner-md-2 v-inner-2 style-1419 style-local-3613-c20 position-relative\">\n              <!---->\n              <!---->\n              <div class=\"w-100 h-y-container h-column__content h-column__v-align flex-basis-100 align-self-lg-start align-self-md-start align-self-start\">\n                <!---->\n                <div data-colibri-id=\"3613-c21\" class=\"h-text h-text-component style-1420 style-local-3613-c21 position-relative h-element\">\n                  <!---->\n                  <!---->\n                  <div class=\"\">\n                    <p>L\u2019histoire du projet:<\/p>\n                    <p>Depuis plusieurs ann\u00e9es, nous accompagnons de plus en plus de personnes porteuses de handicap. Dans ce cadre, notre coordinateur p\u00e9dagogique s&rsquo;est form\u00e9 en disability management dispens\u00e9 par l&rsquo;Institut National d&rsquo;Assurance Maladie\n                      Invalidit\u00e9 de Belgique, afin d&rsquo;accompagner ces personnes en se basant sur leurs capacit\u00e9s et favoriser leur insertion sociale et professionnelle.<\/p>\n                    <p>Cet \u00e9tat de fait s&rsquo;est accentu\u00e9 apr\u00e8s la p\u00e9riode COVID. Comment accompagner des personnes avec des probl\u00e9matiques de sant\u00e9 importantes en favorisant leur int\u00e9gration p\u00e9renne au sein du march\u00e9 de l&#8217;emploi. C&rsquo;est ainsi qu&rsquo;est n\u00e9 le programme\n                      CARE (Coordination et Accompagnement Vers un Retour \u00e0 l&rsquo;Emploi) avec l&rsquo;appui du FOREM, et que nous avons int\u00e9gr\u00e9 des outils p\u00e9dagogiques sp\u00e9cifiques dans l&rsquo;ensemble de nos accompagnements.<\/p>\n                    <p>Nous collaborons depuis 2022 avec une ergonome afin de nous aider \u00e0 clarifier et valider un projet professionnel coh\u00e9rent pour des personnes en situation de handicap. Malgr\u00e9 cela, nous avons besoin de continuer \u00e0 former et sensibiliser\n                      les membres de notre \u00e9quipe \u00e0 des techniques innovantes sp\u00e9cifiques pour ce type de public. Nous int\u00e9grons, dans nos diff\u00e9rents programmes d&rsquo;accompagnement, des personnes pr\u00e9sentant des incapacit\u00e9s importantes mais qui doivent ou\n                      souhaitent se r\u00e9int\u00e9grer dans le march\u00e9 de l&#8217;emploi.<\/p>\n                    <p>Acteur de l&rsquo;\u00e9conomie sociale, nous sommes particuli\u00e8rement attentifs \u00e0 proposer un accompagnement de qualit\u00e9 dans le respect de la personne et de ses besoins vers un emploi qui lui correspond. Acqu\u00e9rir de nouvelles pratiques afin d&rsquo;am\u00e9liorer\n                      l&rsquo;acc\u00e8s au march\u00e9 de l&#8217;emploi des publics que nous encadrons est un d\u00e9fi permanent pour notre structure.<\/p>\n                    <p>Le march\u00e9 de l&#8217;emploi n&rsquo;est pas toujours adapt\u00e9 aux personnes souffrant de handicap ou pr\u00e9sentant des probl\u00e8mes de sant\u00e9. Il est donc important de les accompagner de fa\u00e7on optimale afin de p\u00e9renniser et garantir leur insertion sociale\n                      et professionnelle. Notre objectif est d&rsquo;am\u00e9liorer les comp\u00e9tences professionnelles de l&rsquo;\u00e9quipe en nous inspirant des pratiques p\u00e9dagogiques utilis\u00e9es au sein du r\u00e9seau Aeres en Italie.<\/p>\n                    <p>En effet, cette organisation travaille avec de multiples partenaires, ce qui nous permettra d&rsquo;aborder de nouvelles didactiques professionnelles en lien avec les diff\u00e9rentes fonctions des membres de notre structure (formateurs, assistant\n                      social, coordinateur p\u00e9dagogique). Les valeurs d&rsquo;Aeres tournent autour de la relation humaine, la coop\u00e9ration, l&rsquo;inclusion et la cr\u00e9ation du bien commun. Le mod\u00e8le est fond\u00e9 sur des principes de justice sociale, de solidarit\u00e9 et\n                      de pr\u00e9servation de l&rsquo;environnement.<\/p>\n                    <p>Lors de notre visite de pr\u00e9paration de projet en \u00e9quipe en d\u00e9cembre 2023, nous avons pu nous rendre compte \u00e0 quel point les techniques p\u00e9dagogiques utilis\u00e9es au sein du r\u00e9seau Aeres pouvaient \u00eatre b\u00e9n\u00e9fiques et source d&rsquo;inspiration\n                      pour notre activit\u00e9. Les activit\u00e9s et les suivis qu&rsquo;ils proposent aux personnes en situation de handicap sont multiples et diversifi\u00e9s : Ateliers d&rsquo;orientation, int\u00e9gration des activit\u00e9s de production, int\u00e9gration de didactiques\n                      professionnelles adapt\u00e9es, accompagnement de la personne dans son milieu de vie et au sein de diverses activit\u00e9s citoyennes, int\u00e9gration de la personne au sein du circuit traditionnel (vie, culturel, commercial\u2026).<\/p>\n                  <\/div>\n                <\/div>\n                <div data-colibri-id=\"3613-c25\" class=\"h-row-container gutters-row-lg-1 gutters-row-md-1 gutters-row-0 gutters-row-v-lg-1 gutters-row-v-md-1 gutters-row-v-1 style-1456 style-local-3613-c25 position-relative\">\n                  <!---->\n                  <div class=\"h-row justify-content-lg-center justify-content-md-center justify-content-center align-items-lg-stretch align-items-md-stretch align-items-stretch gutters-col-lg-1 gutters-col-md-1 gutters-col-0 gutters-col-v-lg-1 gutters-col-v-md-1 gutters-col-v-1\">\n                    <!---->\n                    <div class=\"h-column h-column-container d-flex h-col-lg-auto h-col-md-auto h-col-auto style-1457-outer style-local-3613-c26-outer\">\n                      <div data-colibri-id=\"3613-c26\" class=\"d-flex h-flex-basis h-column__inner h-px-lg-0 h-px-md-0 h-px-0 v-inner-lg-0 v-inner-md-0 v-inner-0 style-1457 style-local-3613-c26 position-relative\">\n                        <!---->\n                        <!---->\n                        <div class=\"w-100 h-y-container h-column__content h-column__v-align flex-basis-100 align-self-lg-start align-self-md-start align-self-start\">\n                          <!---->\n                          <div data-colibri-component=\"video\" data-colibri-id=\"3613-c23\" class=\"d-block h-video d-block h-video style-1454 style-local-3613-c23 position-relative h-element\">\n                            <!---->\n                            <!---->\n                            <div class=\"video-container position-relative\">\n                              <div class=\"h-global-transition-all ratio-inner\"><iframe src=\"https:\/\/www.youtube.com\/embed\/7CqHncLzF1s?autoplay=0&#038;mute=0&#038;modestbranding=0&#038;rel=0&#038;enablejsapi=1&#038;\"  class=\"h-video-main\"  allowfullscreen><\/iframe><\/div>\n                            <\/div>\n                          <\/div>\n                        <\/div>\n                      <\/div>\n                    <\/div>\n                    <div class=\"h-column h-column-container d-flex h-col-lg-auto h-col-md-auto h-col-auto style-1458-outer style-local-3613-c27-outer\">\n                      <div data-colibri-id=\"3613-c27\" class=\"d-flex h-flex-basis h-column__inner h-px-lg-0 h-px-md-0 h-px-0 v-inner-lg-0 v-inner-md-0 v-inner-0 style-1458 style-local-3613-c27 position-relative\">\n                        <!---->\n                        <!---->\n                        <div class=\"w-100 h-y-container h-column__content h-column__v-align flex-basis-100 align-self-lg-start align-self-md-start align-self-start\">\n                          <!---->\n                          <div data-colibri-component=\"video\" data-colibri-id=\"3613-c28\" class=\"d-block h-video d-block h-video style-1459 style-local-3613-c28 position-relative h-element\">\n                            <!---->\n                            <!---->\n                            <div class=\"video-container position-relative\">\n                              <div class=\"h-global-transition-all ratio-inner\"><iframe src=\"https:\/\/www.youtube.com\/embed\/WgPAqCIJl2I?autoplay=0&#038;mute=0&#038;modestbranding=0&#038;rel=0&#038;enablejsapi=1&#038;\"  class=\"h-video-main\"  allowfullscreen><\/iframe><\/div>\n                            <\/div>\n                          <\/div>\n                        <\/div>\n                      <\/div>\n                    <\/div>\n                  <\/div>\n                <\/div>\n                <div data-colibri-id=\"3613-c22\" class=\"h-text h-text-component style-1420 style-local-3613-c22 position-relative h-element\">\n                  <!---->\n                  <!---->\n                  <div class=\"\">\n                    <p>Son d\u00e9roulement :<\/p>\n                    <p>En d\u00e9cembre 2023, nous avons organis\u00e9 une mobilit\u00e9 pr\u00e9-projet en rencontrant Aeres Venezia en nous rendant en Italie. En f\u00e9vrier 2024, le pr\u00e9sident de l&rsquo;association est venu nous rencontrer. Nous avons pu \u00e9changer avec lui, lui pr\u00e9senter\n                      une partie de nos activit\u00e9s et r\u00e9fl\u00e9chir ensemble \u00e0 la suite de notre projet. Nous avons r\u00e9aliser une ligne du temps que nous annexons \u00e0 ce projet.<\/p>\n                    <p>Nous avons alors imagin\u00e9 3 p\u00e9riodes de jobshadowing et 1 \u00e9v\u00e8nement de cl\u00f4ture \u00e0 Venise en Novembre 2025 \u00e0 l\u2019issue de la derni\u00e8re mobilit\u00e9. Le but \u00e9tant de d\u00e9velopper nos \u00e9changes de pratiques, pr\u00e9senter le travail que nous aurons r\u00e9alis\u00e9\n                      avec les diff\u00e9rents partenaires et d\u2019inscrire se projet sur une dur\u00e9e bien plus longue.<\/p>\n                    <p>Pendant les mobilit\u00e9s, nous avons pr\u00e9vu une immersion au sein de l&rsquo;association Aeres et de son r\u00e9seau (structures d&rsquo;insertion \u00e0 la vie d\u00e9mocratique, d&rsquo;insertion socioprofessionnelle, \u00ab\u00a0psychosanitaire\u00a0\u00bb et d\u2019entreprises qui accueillent\n                      leurs apprenants. Nous souhaitions d\u00e9couvrir les modes de fonctionnement de ces associations et rencontrer leur r\u00e9seau.<\/p>\n                    <p>Via la participation de nos membres aux activit\u00e9s d&rsquo;insertion sociale, d&rsquo;orientation professionnelle, l&rsquo;id\u00e9e \u00e9tait d&rsquo;acqu\u00e9rir une nouvelle didactique professionnelle et de nous questionner par rapport \u00e0 nos pratiques. Tester leurs\n                      m\u00e9thodes d&rsquo;apprentissage, leurs techniques d&rsquo;entretien et comment ils envisagent l&rsquo;int\u00e9gration p\u00e9renne des personnes porteuses de handicap au sein du march\u00e9 de l&#8217;emploi. Analyser leurs succ\u00e8s stories.<\/p>\n                    <p>Lors des diff\u00e9rents stages d&rsquo;observation, les membres de l&rsquo;\u00e9quipe ont \u00e9t\u00e9 immerg\u00e9s dans les r\u00e9alit\u00e9s d&rsquo;accompagnement des diff\u00e9rentes associations v\u00e9nitienne. Notre assistante sociale a suivi le travail d&rsquo;un travailleur social (comment\n                      les entretiens de diagnostics sont -ils r\u00e9alis\u00e9s, quelles sont les d\u00e9marches r\u00e9alis\u00e9es, comment s&rsquo;organise le suivi psychosocial&#8230;) En ce qui concerne les formateurs : Tests et visualisation des bilans de comp\u00e9tences et des suivis\n                      d&rsquo;orientation des personnes en situation de handicap. Comment les personnes sont accompagn\u00e9es en atelier : Mise en place d&rsquo;une didactique professionnelle, tutorat en entreprise&#8230;<\/p>\n                    <p>D\u00e8s notre retour chez Archipel, les membres de l&rsquo;\u00e9quipe ont pr\u00e9sent\u00e9 les diff\u00e9rentes journ\u00e9es qu&rsquo;ils ont pass\u00e9 dans les associations, les activit\u00e9s r\u00e9alis\u00e9es, les outils d\u00e9couverts. Le but \u00e9tant ici de diss\u00e9miner l&rsquo;information aupr\u00e8s\n                      du plus grand nombre et de d\u00e9cider ensemble ensuite comment nous int\u00e9grerons telle ou telle pratique dans nos r\u00e9alit\u00e9s d&rsquo;accompagnement.<\/p>\n                    <p>\n                      <br>\n                    <\/p>\n                  <\/div>\n                <\/div>\n              <\/div>\n            <\/div>\n          <\/div>\n        <\/div>\n      <\/div>\n    <\/div>\n  <\/div>\n<\/div>","protected":false},"excerpt":{"rendered":"<p>Archipelago: D\u00e9velopper et innover la didactique professionnelle des formateurs en vue de soutenir une insertion socioprofessionnelle des personnes porteuses de handicap efficace et p\u00e9renne Face au constat de l\u2019\u00e9volution des besoins et des difficult\u00e9s rencontr\u00e9es par nos apprenants ces derni\u00e8res ann\u00e9es&nbsp;: augmentation des probl\u00e9matiques de sant\u00e9 mentale et physique, probl\u00e8mes sociaux multiples, politique d\u2019activation des [&hellip;]<\/p>\n","protected":false},"author":1,"featured_media":0,"parent":0,"menu_order":0,"comment_status":"closed","ping_status":"closed","template":"page-templates\/full-width-page.php","meta":{"footnotes":""},"class_list":["post-3613","page","type-page","status-publish","hentry"],"_links":{"self":[{"href":"https:\/\/www.archipel-asbl.be\/index.php\/wp-json\/wp\/v2\/pages\/3613","targetHints":{"allow":["GET"]}}],"collection":[{"href":"https:\/\/www.archipel-asbl.be\/index.php\/wp-json\/wp\/v2\/pages"}],"about":[{"href":"https:\/\/www.archipel-asbl.be\/index.php\/wp-json\/wp\/v2\/types\/page"}],"author":[{"embeddable":true,"href":"https:\/\/www.archipel-asbl.be\/index.php\/wp-json\/wp\/v2\/users\/1"}],"replies":[{"embeddable":true,"href":"https:\/\/www.archipel-asbl.be\/index.php\/wp-json\/wp\/v2\/comments?post=3613"}],"version-history":[{"count":8,"href":"https:\/\/www.archipel-asbl.be\/index.php\/wp-json\/wp\/v2\/pages\/3613\/revisions"}],"predecessor-version":[{"id":3748,"href":"https:\/\/www.archipel-asbl.be\/index.php\/wp-json\/wp\/v2\/pages\/3613\/revisions\/3748"}],"wp:attachment":[{"href":"https:\/\/www.archipel-asbl.be\/index.php\/wp-json\/wp\/v2\/media?parent=3613"}],"curies":[{"name":"wp","href":"https:\/\/api.w.org\/{rel}","templated":true}]}}